{"id":3011,"date":"2019-02-04T12:29:25","date_gmt":"2019-02-04T12:29:25","guid":{"rendered":"https:\/\/modernitymarketing.com\/au\/?page_id=3011"},"modified":"2020-06-27T09:08:55","modified_gmt":"2020-06-27T08:08:55","slug":"fooldal","status":"publish","type":"page","link":"https:\/\/gyermekkoriautizmus.hu\/en\/","title":{"rendered":"fooldal"},"content":{"rendered":"<p>[vc_row full_width=\u201dstretch_row_content_no_spaces\u201d][vc_column]<div id=\"carousel-intro\" data-ride=\"carousel\" class=\"intro full carousel carousel-big slide carousel-fade\" style=\"height: 500px;\"><ol class=\"carousel-indicators\"><\/ol><div class=\"carousel-inner\" style=\"height: 500px;\"><div class=\"item\">\r\n          \t\t<div style=\"background-image:url(https:\/\/gyermekkoriautizmus.hu\/wp-content\/uploads\/2019\/01\/slid.jpeg);\" class=\"fill\">\r\n\t\t            <div class=\"intro-body\"><h2 data-wow-delay=\".4s\" class=\"wow fadeInUp\">Childhood Autism Foundation<\/h2>\r\n\t\t\t\t\t              <h1 class=\"wow fadeInDown\">We cannot change anything until we accept it - Carl Gustav Jung<\/h1><div data-wow-delay=\"1s\" class=\"scroll-btn hidden-xs wow fadeInDown\"><a href=\"#rolunk\" class=\"page-scroll\"><span class=\"mouse\"><span class=\"weel\"><span><\/span><\/span><\/span><\/a><\/div><\/div>\r\n          \t\t<\/div>\r\n        \t<\/div><\/div><a href=\"#carousel-intro\" data-slide=\"prev\" class=\"left carousel-control\"><span class=\"icon-prev\"><\/span><\/a><a href=\"#carousel-intro\" data-slide=\"next\" class=\"right carousel-control\"><span class=\"icon-next\"><\/span><\/a><\/div>[\/vc_column][\/vc_row][vc_row full_width=\u201dstretch_row\u201d css=\u201d.vc_custom_1549283847564{padding-top: 45px !important;padding-bottom: 40px !important;background-color: #f9fafc !important;}\u201d el_id=\u201daboutus\u201d][vc_column][vc_row_inner][vc_column_inner]<div class=\"promo-block center \">\r\n\t\t\t\t<h1 class=\"title-p-line\">Activities<span class=\"promo-line\"><\/span><\/h1><\/div>[\/vc_column_inner][\/vc_row_inner][vc_row_inner][vc_column_inner width=\u201d1\/2\u2033 css=\u201d.vc_custom_1548854061317{padding-top: 20px !important;}\u201d][vc_column_text]<\/p>\n<blockquote>\n<p style=\"text-align: left;\">Our foundation was established<\/p>\n<p style=\"text-align: left;\">to develop autistic children.<\/p>\n<\/blockquote>\n<p>[\/vc_column_text][vc_column_text css=\u201d.vc_custom_1593245348045{padding-top: 10px !important;}\u201d]<\/p>\n<p style=\"text-align: justify;\">Childhood Autism Foundation provides assistance-dog therapy for autistic children in Gennaro Verolino Elementary School. The sessions are held by Krisztina Nagy and \u00c9va Tombor assistance dog trainers together with a special education teacher.<\/p>\n<div class=\"result-shield-container tlid-copy-target\" tabindex=\"0\"><span class=\"tlid-translation translation\" lang=\"en\" tabindex=\"-1\"><span title=\"\">In this school year we are able to carry out development activities with the support of the MVM Group.<\/span><\/span><\/div>\n<p>[\/vc_column_text][\/vc_column_inner][vc_column_inner el_class=\u201dtext-right\u201d width=\u201d1\/2\u2033][vc_single_image image=\u201d3259\u2033 img_size=\u201dfull\u201d alignment=\u201dcenter\u201d style=\u201dvc_box_rounded\u201d css=\u201d.vc_custom_1571402334140{margin-bottom: 0px !important;}\u201d][\/vc_column_inner][\/vc_row_inner][\/vc_column][\/vc_row][vc_row full_width=\u201dstretch_row\u201d css_animation=\u201dfadeIn\u201d css=\u201d.vc_custom_1549283866372{padding-top: 35px !important;padding-bottom: 50px !important;}\u201d el_id=\u201dourgoals\u201d][vc_column][vc_row_inner css=\u201d.vc_custom_1533991313015{margin-bottom: -20px !important;}\u201d][vc_column_inner offset=\u201dvc_col-lg-offset-3 vc_col-lg-6 vc_col-md-offset-2 vc_col-md-8 vc_col-sm-offset-0\u2033]<div class=\"promo-block center \">\r\n\t\t\t\t<h1 class=\"title-p-line\">Goals<span class=\"promo-line\"><\/span><\/h1><\/div>[\/vc_column_inner][\/vc_row_inner][vc_row_inner el_class=\u201dmarg30\u2033][vc_column_inner width=\u201d1\/4\u2033 css=\u201d.vc_custom_1533991279318{margin-top: 20px !important;}\u201d]<div class=\"services-grid wow fadeIn\" data-wow-delay=\"0.4s\"><div class=\"hi-icon-effect \"><div class=\"hi-icon fab fa-connectdevelop\"><\/div><h3 class=\"service-name\">Sensory room<\/h3><p class=\"service-text\">Our first long-term plan is to set up a sensory room that improves the focusing and learning abilities of autistic children. We are thinking of creating a unique room that works for all senses and provides excellent recreational program at the same time.<\/p><\/div>\r\n            <\/div>[\/vc_column_inner][vc_column_inner width=\u201d1\/4\u2033 css=\u201d.vc_custom_1533991276518{margin-top: 20px !important;}\u201d]<div class=\"services-grid wow fadeIn\" data-wow-delay=\"0.6s\"><div class=\"hi-icon-effect \"><div class=\"hi-icon fas fa-home\"><\/div><h3 class=\"service-name\">Recreational camp<\/h3><p class=\"service-text\">Our second long-term plan is to create a recreational camp for autistic children that ideally provides on-site therapeutic sessions targeted by the foundation.<\/p><\/div>\r\n            <\/div>[\/vc_column_inner][vc_column_inner width=\u201d1\/4\u2033 css=\u201d.vc_custom_1533991273514{margin-top: 20px !important;}\u201d]<div class=\"services-grid wow fadeIn\" data-wow-delay=\"0.8s\"><div class=\"hi-icon-effect \"><div class=\"hi-icon fas fa-car\"><\/div><h3 class=\"service-name\">Child transport<\/h3><p class=\"service-text\">Our medium-term plan is to provide a service that would resolve the transport of autistic children in situations where the presence of the child is necessary for certain administration procedures - accompanied by a special education teacher, if necessary.<\/p><\/div>\r\n            <\/div>[\/vc_column_inner][vc_column_inner width=\u201d1\/4\u2033 css=\u201d.vc_custom_1548766461872{margin-top: 20px !important;}\u201d]<div class=\"services-grid wow fadeIn\" data-wow-delay=\"0.9s\"><div class=\"hi-icon-effect \"><div class=\"hi-icon fas fa-paw\"><\/div><h3 class=\"service-name\">Dog, horse therapy<\/h3><p class=\"service-text\">Our short-term plan is to provide animal assisted therapy, primarily with the involvement of dogs and horses.<\/p><\/div>\r\n            <\/div>[\/vc_column_inner][\/vc_row_inner][\/vc_column][\/vc_row][vc_row css=\u201d.vc_custom_1549448285058{padding-bottom: 30px !important;}\u201d][vc_column][vc_row_inner][vc_column_inner el_class=\u201dtext-center\u201d offset=\u201dvc_col-lg-offset-2 vc_col-lg-8 vc_col-md-offset-1 vc_col-md-10\u2033]<div class=\"promo-block center \">\r\n\t\t\t\t<h1 class=\"title-p-line\">What do we offer to our supporters?<span class=\"promo-line\"><\/span><\/h1><\/div>[vc_column_text]Supporters can display their names and logos on our website and in our video blog, as well. In addition, it is possible to present themselves with molinos and flyers during our thematic sessions for autistic children.<\/p>\n<p>Please support our initiative if you can. Thank you![\/vc_column_text]<p class=\"signature_vc \">CIB Bank account number: 10700598 - 71162120 - 51100005<\/p>[vc_single_image image=\u201d3078\u2033 alignment=\u201dcenter\u201d css=\u201d.vc_custom_1549448279254{padding-top: 30px !important;}\u201d][\/vc_column_inner][\/vc_row_inner][\/vc_column][\/vc_row][vc_row full_width=\u201dstretch_row\u201d css=\u201d.vc_custom_1549379892107{padding-top: 45px !important;padding-bottom: 20px !important;background-color: #f9fafc !important;}\u201d el_id=\u201daboutautism\u201d][vc_column][vc_row_inner][vc_column_inner]<div class=\"promo-block center \">\r\n\t\t\t\t<h1 class=\"title-p-line\">About autism<span class=\"promo-line\"><\/span><\/h1><\/div>[vc_column_text]<\/p>\n<p style=\"text-align: justify;\">Autism is \u201cinvisible\u201d to people in the sense that many affected with autism look normal like anybody else. Despite autism being one of the most common developmental disabilities, there is not enough information about it.<\/p>\n<p style=\"text-align: justify;\">Isolation, unemployment and lack of education have been assumed to be inevitable consequences of the limitations imposed by autism itself. The inferior economic and social status of people with autism is not a consequence of the disability itself but rather the result of societal barriers and prejudices. As with racial minorities and women, only true acceptance can change the status.<\/p>\n<blockquote>\n<p style=\"text-align: left;\">Our foundation is asking for acceptance. Little by little we are changing the approach and our goal is to increase the potential of autistic people in many areas of life.<\/p>\n<\/blockquote>\n<p>[\/vc_column_text][\/vc_column_inner][\/vc_row_inner][vc_row_inner css=\u201d.vc_custom_1548848255324{border-top-width: 25px !important;}\u201d][vc_column_inner width=\u201d2\/3\u2033][vc_column_text]<\/p>\n<h3 style=\"text-align: left;\"><strong><span style=\"text-decoration: underline;\">An insight to the everyday life:<\/span><\/strong><\/h3>\n<p style=\"text-align: justify;\">Today however, we are hearing more and more amazing stories about children on the autism spectrum displaying talents and skills no one believed possible. Some develop computer applications, some play music with amazing talent and some non-speaking children display writing abilities that show a deep understanding of language and life.<\/p>\n<p>[\/vc_column_text][vc_column_text]<strong>        <div class=\"rmwr-wrapper\" \n             data-id=\"rmwr-69f5f01118afc\"\n             data-mode=\"normal\"\n             data-animation=\"fade\"\n             data-duration=\"300\"\n             data-smooth-scroll=\"true\"\n             data-scroll-offset=\"0\">\n            <button \n                type=\"button\"\n                class=\"read-link\" \n                id=\"readlinkrmwr-69f5f01118afc\"\n                data-open-text=\"+\"\n                data-close-text=\"-\"\n                aria-expanded=\"false\"\n                aria-controls=\"readrmwr-69f5f01118afc\"\n                aria-label=\"+\"\n            >\n                <span class=\"rmwr-text\">+<\/span>\n            <\/button>\n            <div \n                class=\"read_div\" \n                id=\"readrmwr-69f5f01118afc\"\n                aria-hidden=\"true\"\n                data-animation=\"fade\"\n                data-duration=\"300\"\n                style=\"display: none;\"\n            >\n                <\/strong><\/p>\n<p style=\"text-align: justify\">None of the above means that raising a child on the spectrum is smooth and easy. The children present difficulties in a range of areas including medical care, sleep patterns and eating disorders.<\/p>\n<p style=\"text-align: justify\">Parents with an autistic child have to be well-informed at all times. Their children show unique features on a broad spectrum and respond well to development sessions under optimum conditions. However, nobody can tell the pace of development and confirm if the results will be lasting. They synchronize their possibilities along with their child\u2019s current condition in a tight moving space.<\/p>\n<p style=\"text-align: justify\">Most parents are constantly looking for the newest formulations, treatments and access to them. As far as their knowledge is concerned, some have a striking advantage over those in the profession. They live a timeline that doesn\u2019t leave them a rest; they feel the inner force to move forward; the develepment of the child against the urgency of time. In addition, they struggle with daily worries about the health and future of their children, high-priced development sessions and daily transport. There is such a pressure on these parents that consumes a lot of energy. It doesn\u2019t help either that the origin of autism is unknown yet and the causes are currently being researched. <strong>            <\/div>\n        <\/div>\n        <\/strong><\/p>\n<p>[\/vc_column_text][\/vc_column_inner][vc_column_inner width=\u201d1\/3\u2033][vc_single_image image=\u201d3256\u2033 img_size=\u201dmedium\u201d alignment=\u201dcenter\u201d style=\u201dvc_box_shadow_circle_2\u2033 css=\u201d.vc_custom_1572536231111{padding-top: 10px !important;padding-right: 30px !important;padding-bottom: 30px !important;padding-left: 30px !important;}\u201d][\/vc_column_inner][\/vc_row_inner][vc_row_inner css=\u201d.vc_custom_1548848260535{padding-top: 25px !important;}\u201d][vc_column_inner width=\u201d2\/3\u2033][vc_column_text]<\/p>\n<h3 style=\"text-align: left;\"><strong><span style=\"text-decoration: underline;\">Understanding and acceptation:<\/span><\/strong><\/h3>\n<p style=\"text-align: justify;\">There is an increasing number of co-operation in which companies employ people with autism. There is a need for employers\u2019 openness to hire people with disabilities to become socially accepted as workers. In these cases, sensitization programs precede the entry into work during which programs the autistic worker can get acquainted with their future colleagues and thus get closer together. However, the parties are currently \u201cattending a training course\u201d. Innovative-minded employers are open and job organizers are glad for every opportunity.<\/p>\n<p>[\/vc_column_text][vc_column_text]        <div class=\"rmwr-wrapper\" \n             data-id=\"rmwr-69f5f01118c75\"\n             data-mode=\"normal\"\n             data-animation=\"fade\"\n             data-duration=\"300\"\n             data-smooth-scroll=\"true\"\n             data-scroll-offset=\"0\">\n            <button \n                type=\"button\"\n                class=\"read-link\" \n                id=\"readlinkrmwr-69f5f01118c75\"\n                data-open-text=\"+\"\n                data-close-text=\"-\"\n                aria-expanded=\"false\"\n                aria-controls=\"readrmwr-69f5f01118c75\"\n                aria-label=\"+\"\n            >\n                <span class=\"rmwr-text\">+<\/span>\n            <\/button>\n            <div \n                class=\"read_div\" \n                id=\"readrmwr-69f5f01118c75\"\n                aria-hidden=\"true\"\n                data-animation=\"fade\"\n                data-duration=\"300\"\n                style=\"display: none;\"\n            >\n                <\/p>\n<p style=\"text-align: justify\">The best way to integrate the autistic employee within the employer\u2019s organization is bottom-up. Ideally, this happens with the volunteer participation of colleagues. If this is the case, there is a greater chance of seeing a long-term cooperation.<br \/>\nSensitization \u2013 which is a better understanding of healthy people towards the disabled \u2013 should be raised to social levels and started off in childhood to be successful.<\/p>\n<p style=\"text-align: justify\">Everyone knows sensitization tales; let us take only the \u201ct\u00e1ltos horse\u201d (\u201ct\u00e1ltos paripa\u201d \u2013 \u201ct\u00e1ltos\u201d typically refers to the power of the horse) in the Hungarian folk tale, who appears in the image of a lean horse in very bad condition and you need to know him to reveal his hidden abilities.<\/p>\n<p style=\"text-align: justify\">Getting your own experiences in childhood and adulthood as well, are the most determinative. A common play with a wheelchair user or helping a blind person across the road can give a lifelong example to follow.            <\/div>\n        <\/div>\n<p>[\/vc_column_text][\/vc_column_inner][vc_column_inner width=\u201d1\/3\u2033][vc_single_image image=\u201d3362\u2033 img_size=\u201dmedium\u201d alignment=\u201dcenter\u201d style=\u201dvc_box_shadow_circle_2\u2033 css=\u201d.vc_custom_1574778412231{padding-top: 10px !important;padding-right: 30px !important;padding-bottom: 30px !important;padding-left: 30px !important;}\u201d][\/vc_column_inner][\/vc_row_inner][vc_row_inner css=\u201d.vc_custom_1548848265682{padding-top: 25px !important;}\u201d][vc_column_inner width=\u201d2\/3\u2033][vc_column_text]<\/p>\n<h3 style=\"text-align: left;\"><strong><span style=\"text-decoration: underline;\">Difficulties with social communication:<\/span><\/strong><\/h3>\n<p style=\"text-align: justify;\">Individuals on the autistic spectrum can have great difficulty in understanding the social rules that are the norm for the rest of us. Individuals with autism may have little or no speech and they may repeat phrases without understanding them. Many people with autism can be very literal and can be confused by phrases such as \u201craining cats and dogs\u201d or \u201cfull of beans\u201d. Frequently there is no understanding of humor. Speech itself may sound mechanical or expressionless.<\/p>\n<p>[\/vc_column_text][vc_column_text]        <div class=\"rmwr-wrapper\" \n             data-id=\"rmwr-69f5f01118e12\"\n             data-mode=\"normal\"\n             data-animation=\"fade\"\n             data-duration=\"300\"\n             data-smooth-scroll=\"true\"\n             data-scroll-offset=\"0\">\n            <button \n                type=\"button\"\n                class=\"read-link\" \n                id=\"readlinkrmwr-69f5f01118e12\"\n                data-open-text=\"+\"\n                data-close-text=\"-\"\n                aria-expanded=\"false\"\n                aria-controls=\"readrmwr-69f5f01118e12\"\n                aria-label=\"+\"\n            >\n                <span class=\"rmwr-text\">+<\/span>\n            <\/button>\n            <div \n                class=\"read_div\" \n                id=\"readrmwr-69f5f01118e12\"\n                aria-hidden=\"true\"\n                data-animation=\"fade\"\n                data-duration=\"300\"\n                style=\"display: none;\"\n            >\n                <\/p>\n<p style=\"text-align: justify\">Individuals can experience difficulty in understanding facial expressions or body language and might not recognize when they have lost the interest of the listener. Those without a learning disability may have a full range of vocabulary but might still not understand the rules of taking turns to speak and listening.<\/p>\n<p style=\"text-align: justify\">Misunderstandings during social times at college or at work, such as breaks and lunchtimes, can lead to bullying and anxiety.<\/p>\n<p style=\"text-align: justify\">They might not understand that other people think differently to them and cannot relate to someone else\u2019s happiness or sorrow. They can appear to say what they think with no regard to how it makes the listener feel.<\/p>\n<p style=\"text-align: left\">They may have little or no eye contact with others.<\/p>\n<p style=\"text-align: justify\">A person with autism may not respond to the normal shows of affection such as cuddling; alternatively, people without a learning disability may be excessively polite; have learned to shake hands or hug but cannot determine when and for how long. They may learn the rules of social interaction without understanding them.<\/p>\n<p style=\"text-align: justify\">Impairment in understanding social interaction can cause substantial anxiety to people on the autism spectrum.<\/p>\n<p style=\"text-align: justify\"><span style=\"text-decoration: underline\">They might experience some of the following difficulties:<\/span><\/p>\n<ul style=\"text-align: justify\">\n<li>Difficulty in understanding unwritten social rules<\/li>\n<li>Difficulty in understanding personal space<\/li>\n<li>Difficulty in recognizing how someone else is feeling<\/li>\n<li>Appear to behave inappropriately in public<\/li>\n<li>Shy away from the company of others<\/li>\n<li>Difficulty in knowing how to make friends<\/li>\n<li>Difficulty in understanding or using different tones of voice<\/li>\n<li>Difficulty in understanding jokes or sarcasm<\/li>\n<li>Taking things literally and misunderstanding idioms, e.g.: \u201cIt is raining cats and dogs\u201d<\/li>\n<li>Difficulty in understanding slang, e.g. \u2018cool\u2019 or \u2018pants\u2019<\/li>\n<\/ul>\n<p style=\"text-align: justify\"><span style=\"text-decoration: underline\">People with autistic spectrum conditions often have particular strengths in:<\/span><\/p>\n<ul style=\"text-align: justify\">\n<li>Following instructions<\/li>\n<li>Abiding by rules<\/li>\n<li>Being direct, open and honest<\/li>\n<li>Excellent memory<\/li>\n<li>Copying, imitating and mimicking<\/li>\n<li>Attention to detail<\/li>\n<li>High levels of vocabulary<\/li>\n<li>Precise use of grammatical language<\/li>\n<li>Clear, concise, and accurate communication<\/li>\n<\/ul>\n<p style=\"text-align: left\">            <\/div>\n        <\/div>\n<p>[\/vc_column_text][\/vc_column_inner][vc_column_inner width=\u201d1\/3\u2033][vc_single_image image=\u201d3288\u2033 img_size=\u201dmedium\u201d alignment=\u201dcenter\u201d style=\u201dvc_box_shadow_circle_2\u2033 css=\u201d.vc_custom_1572536274040{padding-top: 10px !important;padding-right: 30px !important;padding-bottom: 30px !important;padding-left: 30px !important;}\u201d][\/vc_column_inner][\/vc_row_inner][vc_row_inner css=\u201d.vc_custom_1548848272551{padding-top: 25px !important;}\u201d][vc_column_inner width=\u201d2\/3\u2033][vc_column_text]<\/p>\n<h3 style=\"text-align: left;\"><span style=\"text-decoration: underline;\"><strong>Problems with flexibility of thought:<\/strong><\/span><\/h3>\n<p style=\"text-align: justify;\">The lives of people with autism need to be predictable and the individual may become very anxious or even aggressive if change is introduced without warning. Routines are very important. Many people with autism use lists to prompt them about what comes next and the need for the list continues even when those around them think the individual knows the task well. It is common for people with autism to have a keen interest in numbers, timetables or weather.<\/p>\n<p>[\/vc_column_text][vc_column_text]        <div class=\"rmwr-wrapper\" \n             data-id=\"rmwr-69f5f01118ede\"\n             data-mode=\"normal\"\n             data-animation=\"fade\"\n             data-duration=\"300\"\n             data-smooth-scroll=\"true\"\n             data-scroll-offset=\"0\">\n            <button \n                type=\"button\"\n                class=\"read-link\" \n                id=\"readlinkrmwr-69f5f01118ede\"\n                data-open-text=\"+\"\n                data-close-text=\"-\"\n                aria-expanded=\"false\"\n                aria-controls=\"readrmwr-69f5f01118ede\"\n                aria-label=\"+\"\n            >\n                <span class=\"rmwr-text\">+<\/span>\n            <\/button>\n            <div \n                class=\"read_div\" \n                id=\"readrmwr-69f5f01118ede\"\n                aria-hidden=\"true\"\n                data-animation=\"fade\"\n                data-duration=\"300\"\n                style=\"display: none;\"\n            >\n                <\/p>\n<p style=\"text-align: justify\"><span style=\"text-decoration: underline\">They might experience the following difficulties:<\/span><\/p>\n<ul style=\"text-align: justify\">\n<li>Difficulty in predicting what will happen next, e.g. coming back home after going shopping.<\/li>\n<li>Difficulty in understanding the concept of danger and consequences, e.g.: crossing the road.<\/li>\n<li>Difficulty in using imagination and trying out something new<\/li>\n<li>Difficulty in planning for the future<\/li>\n<li>Difficulty in coping with unfamiliar situations<\/li>\n<\/ul>\n<p style=\"text-align: justify\"><span style=\"text-decoration: underline\">These individuals may be more likely to be adept at:<\/span><\/p>\n<ul style=\"text-align: justify\">\n<li>Sticking to structured programs<\/li>\n<li>Working on projects with a clear beginning, middle and end<\/li>\n<li>Mathematical and technical abilities<\/li>\n<\/ul>\n<p style=\"text-align: left\">            <\/div>\n        <\/div>\n<p>[\/vc_column_text][\/vc_column_inner][vc_column_inner width=\u201d1\/3\u2033][vc_single_image image=\u201d3293\u2033 img_size=\u201dmedium\u201d alignment=\u201dcenter\u201d style=\u201dvc_box_shadow_circle_2\u2033 css=\u201d.vc_custom_1572536297910{padding-top: 10px !important;padding-right: 30px !important;padding-bottom: 30px !important;padding-left: 30px !important;}\u201d][\/vc_column_inner][\/vc_row_inner][vc_row_inner css=\u201d.vc_custom_1548848277649{padding-top: 25px !important;}\u201d][vc_column_inner width=\u201d2\/3\u2033][vc_column_text]<\/p>\n<h3 style=\"text-align: left;\"><span style=\"text-decoration: underline;\"><strong>Abnormal sensory responses:<\/strong><\/span><\/h3>\n<p style=\"text-align: justify;\">People with autism can have overactive or underactive senses. They might be oversensitive to certain sounds, bright lights, textures, colors and tastes. On the other hand, they might have a very high threshold of pain and appear to not hear what someone is saying, nor see what someone is pointing out.<br \/>\nAn individual with autism might also experience difficulties with spatial awareness and with balance. This means that rooms might feel smaller or larger than they actually are. It can also explain why some people with autism might rock, sway or spin.[\/vc_column_text][vc_column_text]        <div class=\"rmwr-wrapper\" \n             data-id=\"rmwr-69f5f01118fd0\"\n             data-mode=\"normal\"\n             data-animation=\"fade\"\n             data-duration=\"300\"\n             data-smooth-scroll=\"true\"\n             data-scroll-offset=\"0\">\n            <button \n                type=\"button\"\n                class=\"read-link\" \n                id=\"readlinkrmwr-69f5f01118fd0\"\n                data-open-text=\"+\"\n                data-close-text=\"-\"\n                aria-expanded=\"false\"\n                aria-controls=\"readrmwr-69f5f01118fd0\"\n                aria-label=\"+\"\n            >\n                <span class=\"rmwr-text\">+<\/span>\n            <\/button>\n            <div \n                class=\"read_div\" \n                id=\"readrmwr-69f5f01118fd0\"\n                aria-hidden=\"true\"\n                data-animation=\"fade\"\n                data-duration=\"300\"\n                style=\"display: none;\"\n            >\n                <\/p>\n<p style=\"text-align: justify\"><span style=\"text-decoration: underline\">Some behaviors an individual with autism might display:<\/span><\/p>\n<ul style=\"text-align: justify\">\n<li>Covering ears<\/li>\n<li>Flapping fingers<\/li>\n<li>Rocking, swaying or spinning<\/li>\n<li>Refusing to put on certain clothes<\/li>\n<li>Refusing to eat foods of a certain color<\/li>\n<\/ul>\n<p style=\"text-align: justify\"><span style=\"text-decoration: underline\">These behaviors may manifest themselves in the following \u2018positive\u2019 characteristics:<\/span><\/p>\n<ul style=\"text-align: justify\">\n<li>Seeing and remembering small details<\/li>\n<li>Acute auditory memory<\/li>\n<li>Discriminatory sense of smell and taste<\/li>\n<li>Acute sense of balance<\/li>\n<\/ul>\n<p style=\"text-align: justify\">Each person with autism will experience different levels of the above difficulties and qualities. Some will experience certain challenges, others might experience a different set of difficulties altogether.<\/p>\n<p style=\"text-align: justify\"><strong>Therefore, any support intervention or approach must put the individual\u2019s specific challenges, strengths, needs and wishes at the center of any support program.<\/strong><\/p>\n<p style=\"text-align: justify\">            <\/div>\n        <\/div>\n<p>[\/vc_column_text][\/vc_column_inner][vc_column_inner width=\u201d1\/3\u2033][vc_single_image image=\u201d3295\u2033 img_size=\u201dmedium\u201d alignment=\u201dcenter\u201d style=\u201dvc_box_shadow_circle_2\u2033 css=\u201d.vc_custom_1572536321556{padding-top: 10px !important;padding-right: 30px !important;padding-bottom: 30px !important;padding-left: 30px !important;}\u201d][\/vc_column_inner][\/vc_row_inner][vc_column_text css=\u201d.vc_custom_1549379919014{padding-top: 10px !important;}\u201d]<\/p>\n<p style=\"text-align: center;\">The content of this website is partly based on the website\u00a0<a href=\"http:\/\/www.kulturecity.org\/\" target=\"_blank\" rel=\"noopener noreferrer\" data-saferedirecturl=\"https:\/\/www.google.com\/url?q=http:\/\/www.kulturecity.org&source=gmail&ust=1549450106388000&usg=AFQjCNGptjIzEMeO2t7nptd5EwmJ9K21yA\">www.kulturecity.org<\/a>\u00a0and\u00a0<a href=\"http:\/\/livignautism.com\/\" target=\"_blank\" rel=\"noopener noreferrer\" data-saferedirecturl=\"https:\/\/www.google.com\/url?q=http:\/\/livignautism.com&source=gmail&ust=1549450106388000&usg=AFQjCNGa4wVTNDOvSP25sjIr8SlV271vxw\">livignautism.com<\/a>.<\/p>\n<p>[\/vc_column_text][\/vc_column][\/vc_row][vc_row full_width=\u201dstretch_row\u201d css=\u201d.vc_custom_1549293257107{padding-top: 20px !important;padding-bottom: 20px !important;}\u201d][vc_column][vc_row_inner][vc_column_inner]<div class=\"promo-block center \">\r\n\t\t\t\t<h1 class=\"title-p-line\">Introduction<span class=\"promo-line\"><\/span><\/h1><\/div>[\/vc_column_inner][\/vc_row_inner][vc_row_inner][vc_column_inner width=\u201d1\/5\u2033]<div class=\"team-image\">\r\n                    <img loading=\"lazy\" decoding=\"async\" width=\"548\" height=\"604\" src=\"https:\/\/gyermekkoriautizmus.hu\/wp-content\/uploads\/2019\/02\/web_meretrevagott_Dia.jpg\" class=\"attachment-full img-responsive size-full img-responsive\" alt=\"\" \/>\r\n                    <ul class=\"list-inline team-social\">\r\n                      \r\n                    <\/ul>\r\n                  <\/div>\r\n                  <div class=\"team-block\">\r\n                    <div class=\"about-name\"><h3><\/h3><\/div>\r\n                    <div class=\"about-desc\"><p><\/p><\/div>\r\n                  <\/div>[\/vc_column_inner][vc_column_inner width=\u201d1\/5\u2033]<div class=\"team-image\">\r\n                    <img loading=\"lazy\" decoding=\"async\" width=\"518\" height=\"575\" src=\"https:\/\/gyermekkoriautizmus.hu\/wp-content\/uploads\/2019\/02\/bujdoso_tamas2.jpg\" class=\"attachment-full img-responsive size-full img-responsive\" alt=\"\" \/>\r\n                    <ul class=\"list-inline team-social\">\r\n                      \r\n                    <\/ul>\r\n                  <\/div>\r\n                  <div class=\"team-block\">\r\n                    <div class=\"about-name\"><h3><\/h3><\/div>\r\n                    <div class=\"about-desc\"><p><\/p><\/div>\r\n                  <\/div>[\/vc_column_inner][vc_column_inner width=\u201d3\/5\u2033 css=\u201d.vc_custom_1549293038179{margin-top: 10px !important;}\u201d][vc_column_text]<strong>Di\u00e1na V\u00e1g\u00f3 \u2013 <b><span lang=\"EN-US\">Curator<\/span><\/b><\/strong><br \/>\nMother of a son diagnosed with autism. She is a human resources manager and business economics expert graduate.<\/p>\n<p><strong>Tam\u00e1s Bujdos\u00f3 \u2013 <b><span lang=\"EN-US\">Founder<\/span><\/b><\/strong><br \/>\nAs a founder, he wants to take responsibility for improving the life quality of families affected by autism. He is a computer science engineer graduate.[\/vc_column_text][\/vc_column_inner][\/vc_row_inner][\/vc_column][\/vc_row][vc_row full_width=\u201dstretch_row\u201d css=\u201d.vc_custom_1549285836526{padding-bottom: 80px !important;background-color: #f9fafc !important;}\u201d el_id=\u201dcontact\u201d][vc_column][vc_row_inner][vc_column_inner width=\u201d1\/2\u2033 css=\u201d.vc_custom_1549281923124{padding-top: 35px !important;}\u201d]<div class=\"promo-block  \">\r\n\t\t\t\t<h1 class=\"title-p-line\">Contact us<span class=\"promo-line\"><\/span><\/h1><\/div><p class=\"signature_vc \">Childhood Autism Foundation<\/p>[vc_column_text css=\u201d.vc_custom_1571654958820{padding-top: 25px !important;}\u201d]<\/p>\n<ul>\n<li style=\"text-align: left;\">Address: <a href=\"https:\/\/goo.gl\/maps\/44Kzmh6cARP2\" target=\"_blank\" rel=\"noopener noreferrer\">1136 Budapest, Balzac utca 21. II. em. 1\/A<\/a><\/li>\n<li style=\"text-align: left;\">Phone: <a href=\"tel:+36302679612\" target=\"_blank\" rel=\"noopener noreferrer\">+36 30 267 9612<\/a><\/li>\n<li style=\"text-align: left;\">E-mail: <a href=\"mailto:kapcsolat@gyermekkoriautizmus.hu\" target=\"_blank\" rel=\"noopener noreferrer\">kapcsolat@gyermekkoriautizmus.hu<\/a><\/li>\n<\/ul>\n<p style=\"text-align: left;\"><!--more--><\/p>\n<p>\u00a0<\/p>\n<p>\u00a0[\/vc_column_text]<div class=\"promo-block  \">\r\n\t\t\t\t<h1 class=\"title-p-line\">OUR SUPPORTERS<span class=\"promo-line\"><\/span><\/h1><\/div>[\/vc_column_inner][vc_column_inner width=\u201d1\/2\u2033]\n<div class=\"wpcf7 no-js\" id=\"wpcf7-f3042-o1\" lang=\"en-US\" dir=\"ltr\" data-wpcf7-id=\"3042\">\n<div class=\"screen-reader-response\"><p role=\"status\" aria-live=\"polite\" aria-atomic=\"true\"><\/p> <ul><\/ul><\/div>\n<form action=\"\/en\/wp-json\/wp\/v2\/pages\/3011#wpcf7-f3042-o1\" method=\"post\" class=\"wpcf7-form init\" aria-label=\"Contact form\" novalidate=\"novalidate\" data-status=\"init\">\n<fieldset class=\"hidden-fields-container\"><input type=\"hidden\" name=\"_wpcf7\" value=\"3042\" \/><input type=\"hidden\" name=\"_wpcf7_version\" value=\"6.1.5\" \/><input type=\"hidden\" name=\"_wpcf7_locale\" value=\"en_US\" \/><input type=\"hidden\" name=\"_wpcf7_unit_tag\" value=\"wpcf7-f3042-o1\" \/><input type=\"hidden\" name=\"_wpcf7_container_post\" value=\"0\" \/><input type=\"hidden\" name=\"_wpcf7_posted_data_hash\" value=\"\" \/><input type=\"hidden\" name=\"_wpcf7_recaptcha_response\" value=\"\" \/>\n<\/fieldset>\n<div class=\"form-group\">\n\t<p><label class=\"sr-only\">N\u00e9v<\/label><span class=\"wpcf7-form-control-wrap\" data-name=\"your-name\"><input size=\"40\" maxlength=\"400\" class=\"wpcf7-form-control wpcf7-text wpcf7-validates-as-required form-control\" aria-required=\"true\" aria-invalid=\"false\" placeholder=\"Name*\" value=\"\" type=\"text\" name=\"your-name\" \/><\/span>\n\t<\/p>\n<\/div>\n<div class=\"form-group\">\n\t<p><label class=\"sr-only\">Email<\/label><span class=\"wpcf7-form-control-wrap\" data-name=\"your-email\"><input size=\"40\" maxlength=\"400\" class=\"wpcf7-form-control wpcf7-email wpcf7-validates-as-required wpcf7-text wpcf7-validates-as-email form-control\" aria-required=\"true\" aria-invalid=\"false\" placeholder=\"Email*\" value=\"\" type=\"email\" name=\"your-email\" \/><\/span>\n\t<\/p>\n<\/div>\n<div class=\"form-group\">\n\t<p><label class=\"sr-only\">Telefon<\/label><span class=\"wpcf7-form-control-wrap\" data-name=\"your-phone\"><input size=\"40\" maxlength=\"400\" class=\"wpcf7-form-control wpcf7-text form-control\" aria-invalid=\"false\" placeholder=\"Phone\" value=\"\" type=\"text\" name=\"your-phone\" \/><\/span>\n\t<\/p>\n<\/div>\n<div class=\"form-group\">\n\t<p><label class=\"sr-only\">\u00dczenet<\/label><span class=\"wpcf7-form-control-wrap\" data-name=\"your-message\"><textarea cols=\"40\" rows=\"4\" maxlength=\"2000\" class=\"wpcf7-form-control wpcf7-textarea wpcf7-validates-as-required form-control\" aria-required=\"true\" aria-invalid=\"false\" placeholder=\"Message*\" name=\"your-message\"><\/textarea><\/span>\n\t<\/p>\n<\/div>\n<p><input class=\"wpcf7-form-control wpcf7-submit has-spinner\" type=\"submit\" value=\"Send\" \/>\n<\/p><div class=\"wpcf7-response-output\" aria-hidden=\"true\"><\/div>\n<\/form>\n<\/div>\n[\/vc_column_inner][\/vc_row_inner][vc_single_image image=\u201d3390\u2033 img_size=\u201dmedium\u201d][\/vc_column][\/vc_row][vc_row][vc_column][vc_raw_html]JTNDaWZyYW1lJTIwc3JjJTNEJTIyaHR0cHMlM0ElMkYlMkZ3d3cuZmFjZWJvb2suY29tJTJGcGx1Z2lucyUyRnBhZ2UucGhwJTNGaHJlZiUzRGh0dHBzJTI1M0ElMjUyRiUyNTJGd3d3LmZhY2Vib29rLmNvbSUyNTJGZ3llcm1la2tvcmlhdXRpem11cyUyNTJGJTI2dGFicyUyNndpZHRoJTNEMzQwJTI2aGVpZ2h0JTNENzAlMjZzbWFsbF9oZWFkZXIlM0R0cnVlJTI2YWRhcHRfY29udGFpbmVyX3dpZHRoJTNEdHJ1ZSUyNmhpZGVfY292ZXIlM0RmYWxzZSUyNnNob3dfZmFjZXBpbGUlM0RmYWxzZSUyNmFwcElkJTIyJTIwd2lkdGglM0QlMjIzNDAlMjIlMjBoZWlnaHQlM0QlMjI3MCUyMiUyMHN0eWxlJTNEJTIyYm9yZGVyJTNBbm9uZSUzQm92ZXJmbG93JTNBaGlkZGVuJTIyJTIwc2Nyb2xsaW5nJTNEJTIybm8lMjIlMjBmcmFtZWJvcmRlciUzRCUyMjAlMjIlMjBhbGxvd1RyYW5zcGFyZW5jeSUzRCUyMnRydWUlMjIlMjBhbGxvdyUzRCUyMmVuY3J5cHRlZC1tZWRpYSUyMiUzRSUzQyUyRmlmcmFtZSUzRQ==[\/vc_raw_html][\/vc_column][\/vc_row][vc_row][vc_column][\/vc_column][\/vc_row]<\/p>\n","protected":false},"excerpt":{"rendered":"<p>[vc_row full_width=\u201dstretch_row_content_no_spaces\u201d][vc_column][\/vc_column][\/vc_row][vc_row full_width=\u201dstretch_row\u201d css=\u201d.vc_custom_1549283847564{padding-top: 45px !important;padding-bottom: 40px !important;background-color: #f9fafc !important;}\u201d el_id=\u201daboutus\u201d][vc_column][vc_row_inner][vc_column_inner][\/vc_column_inner][\/vc_row_inner][vc_row_inner][vc_column_inner width=\u201d1\/2\u2033 css=\u201d.vc_custom_1548854061317{padding-top: 20px !important;}\u201d][vc_column_text] Our foundation was established to develop autistic children. [\/vc_column_text][vc_column_text css=\u201d.vc_custom_1593245348045{padding-top: 10px !important;}\u201d] Childhood Autism Foundation provides assistance-dog therapy for autistic children in Gennaro Verolino Elementary School. The sessions are held by Krisztina Nagy and \u00c9va Tombor assistance dog trainers together&#8230;<\/p>\n","protected":false},"author":1,"featured_media":0,"parent":0,"menu_order":0,"comment_status":"closed","ping_status":"closed","template":"homepage.php","meta":{"footnotes":""},"class_list":["post-3011","page","type-page","status-publish","hentry"],"yoast_head":"<!-- This site is optimized with the Yoast SEO plugin v27.5 - https:\/\/yoast.com\/product\/yoast-seo-wordpress\/ -->\n<title>Gyermekkori Autizmus Alap\u00edtv\u00e1ny<\/title>\n<meta name=\"description\" content=\"Olyan foglalkoz\u00e1sokat szervez\u00fcnk, amelyek \u00e9lm\u00e9nyt \u00e9s kikapcsol\u00f3d\u00e1st ny\u00fajtanak \u00e9s egyben fejleszt\u0151 jelleggel hatnak az autizmussal \u00e9rintett gyermekek sz\u00e1m\u00e1ra.\" \/>\n<meta name=\"robots\" content=\"index, follow, max-snippet:-1, max-image-preview:large, max-video-preview:-1\" \/>\n<link rel=\"canonical\" href=\"https:\/\/gyermekkoriautizmus.hu\/en\/\" \/>\n<meta property=\"og:locale\" content=\"en_US\" \/>\n<meta property=\"og:type\" content=\"article\" \/>\n<meta property=\"og:title\" content=\"Gyermekkori Autizmus Alap\u00edtv\u00e1ny\" \/>\n<meta property=\"og:description\" content=\"Olyan foglalkoz\u00e1sokat szervez\u00fcnk, amelyek \u00e9lm\u00e9nyt \u00e9s kikapcsol\u00f3d\u00e1st ny\u00fajtanak \u00e9s egyben fejleszt\u0151 jelleggel hatnak az autizmussal \u00e9rintett gyermekek sz\u00e1m\u00e1ra.\" \/>\n<meta property=\"og:url\" content=\"https:\/\/gyermekkoriautizmus.hu\/en\/\" \/>\n<meta property=\"og:site_name\" content=\"Gyermekkori Autizmus Alap\u00edtv\u00e1ny\" \/>\n<meta property=\"article:modified_time\" content=\"2020-06-27T08:08:55+00:00\" \/>\n<meta name=\"twitter:card\" content=\"summary_large_image\" \/>\n<meta name=\"twitter:label1\" content=\"Est. reading time\" \/>\n\t<meta name=\"twitter:data1\" content=\"15 minutes\" \/>\n<script type=\"application\/ld+json\" class=\"yoast-schema-graph\">{\"@context\":\"https:\\\/\\\/schema.org\",\"@graph\":[{\"@type\":\"WebPage\",\"@id\":\"https:\\\/\\\/gyermekkoriautizmus.hu\\\/en\\\/\",\"url\":\"https:\\\/\\\/gyermekkoriautizmus.hu\\\/en\\\/\",\"name\":\"Gyermekkori Autizmus Alap\u00edtv\u00e1ny\",\"isPartOf\":{\"@id\":\"https:\\\/\\\/gyermekkoriautizmus.hu\\\/#website\"},\"datePublished\":\"2019-02-04T12:29:25+00:00\",\"dateModified\":\"2020-06-27T08:08:55+00:00\",\"description\":\"Olyan foglalkoz\u00e1sokat szervez\u00fcnk, amelyek \u00e9lm\u00e9nyt \u00e9s kikapcsol\u00f3d\u00e1st ny\u00fajtanak \u00e9s egyben fejleszt\u0151 jelleggel hatnak az autizmussal \u00e9rintett gyermekek sz\u00e1m\u00e1ra.\",\"breadcrumb\":{\"@id\":\"https:\\\/\\\/gyermekkoriautizmus.hu\\\/en\\\/#breadcrumb\"},\"inLanguage\":\"en-US\",\"potentialAction\":[{\"@type\":\"ReadAction\",\"target\":[\"https:\\\/\\\/gyermekkoriautizmus.hu\\\/en\\\/\"]}]},{\"@type\":\"BreadcrumbList\",\"@id\":\"https:\\\/\\\/gyermekkoriautizmus.hu\\\/en\\\/#breadcrumb\",\"itemListElement\":[{\"@type\":\"ListItem\",\"position\":1,\"name\":\"Home\",\"item\":\"https:\\\/\\\/gyermekkoriautizmus.hu\\\/en\\\/\"},{\"@type\":\"ListItem\",\"position\":2,\"name\":\"fooldal\"}]},{\"@type\":\"WebSite\",\"@id\":\"https:\\\/\\\/gyermekkoriautizmus.hu\\\/#website\",\"url\":\"https:\\\/\\\/gyermekkoriautizmus.hu\\\/\",\"name\":\"Gyermekkori Autizmus Alap\u00edtv\u00e1ny\",\"description\":\"\",\"publisher\":{\"@id\":\"https:\\\/\\\/gyermekkoriautizmus.hu\\\/#organization\"},\"potentialAction\":[{\"@type\":\"SearchAction\",\"target\":{\"@type\":\"EntryPoint\",\"urlTemplate\":\"https:\\\/\\\/gyermekkoriautizmus.hu\\\/?s={search_term_string}\"},\"query-input\":{\"@type\":\"PropertyValueSpecification\",\"valueRequired\":true,\"valueName\":\"search_term_string\"}}],\"inLanguage\":\"en-US\"},{\"@type\":\"Organization\",\"@id\":\"https:\\\/\\\/gyermekkoriautizmus.hu\\\/#organization\",\"name\":\"Gyermekkori Autizmus Alap\u00edtv\u00e1ny\",\"url\":\"https:\\\/\\\/gyermekkoriautizmus.hu\\\/\",\"logo\":{\"@type\":\"ImageObject\",\"inLanguage\":\"en-US\",\"@id\":\"https:\\\/\\\/gyermekkoriautizmus.hu\\\/#\\\/schema\\\/logo\\\/image\\\/\",\"url\":\"https:\\\/\\\/gyermekkoriautizmus.hu\\\/wp-content\\\/uploads\\\/2019\\\/01\\\/lo_vegleg_3.png\",\"contentUrl\":\"https:\\\/\\\/gyermekkoriautizmus.hu\\\/wp-content\\\/uploads\\\/2019\\\/01\\\/lo_vegleg_3.png\",\"width\":2041,\"height\":2266,\"caption\":\"Gyermekkori Autizmus Alap\u00edtv\u00e1ny\"},\"image\":{\"@id\":\"https:\\\/\\\/gyermekkoriautizmus.hu\\\/#\\\/schema\\\/logo\\\/image\\\/\"}}]}<\/script>\n<!-- \/ Yoast SEO plugin. -->","yoast_head_json":{"title":"Gyermekkori Autizmus Alap\u00edtv\u00e1ny","description":"Olyan foglalkoz\u00e1sokat szervez\u00fcnk, amelyek \u00e9lm\u00e9nyt \u00e9s kikapcsol\u00f3d\u00e1st ny\u00fajtanak \u00e9s egyben fejleszt\u0151 jelleggel hatnak az autizmussal \u00e9rintett gyermekek sz\u00e1m\u00e1ra.","robots":{"index":"index","follow":"follow","max-snippet":"max-snippet:-1","max-image-preview":"max-image-preview:large","max-video-preview":"max-video-preview:-1"},"canonical":"https:\/\/gyermekkoriautizmus.hu\/en\/","og_locale":"en_US","og_type":"article","og_title":"Gyermekkori Autizmus Alap\u00edtv\u00e1ny","og_description":"Olyan foglalkoz\u00e1sokat szervez\u00fcnk, amelyek \u00e9lm\u00e9nyt \u00e9s kikapcsol\u00f3d\u00e1st ny\u00fajtanak \u00e9s egyben fejleszt\u0151 jelleggel hatnak az autizmussal \u00e9rintett gyermekek sz\u00e1m\u00e1ra.","og_url":"https:\/\/gyermekkoriautizmus.hu\/en\/","og_site_name":"Gyermekkori Autizmus Alap\u00edtv\u00e1ny","article_modified_time":"2020-06-27T08:08:55+00:00","twitter_card":"summary_large_image","twitter_misc":{"Est. reading time":"15 minutes"},"schema":{"@context":"https:\/\/schema.org","@graph":[{"@type":"WebPage","@id":"https:\/\/gyermekkoriautizmus.hu\/en\/","url":"https:\/\/gyermekkoriautizmus.hu\/en\/","name":"Gyermekkori Autizmus Alap\u00edtv\u00e1ny","isPartOf":{"@id":"https:\/\/gyermekkoriautizmus.hu\/#website"},"datePublished":"2019-02-04T12:29:25+00:00","dateModified":"2020-06-27T08:08:55+00:00","description":"Olyan foglalkoz\u00e1sokat szervez\u00fcnk, amelyek \u00e9lm\u00e9nyt \u00e9s kikapcsol\u00f3d\u00e1st ny\u00fajtanak \u00e9s egyben fejleszt\u0151 jelleggel hatnak az autizmussal \u00e9rintett gyermekek sz\u00e1m\u00e1ra.","breadcrumb":{"@id":"https:\/\/gyermekkoriautizmus.hu\/en\/#breadcrumb"},"inLanguage":"en-US","potentialAction":[{"@type":"ReadAction","target":["https:\/\/gyermekkoriautizmus.hu\/en\/"]}]},{"@type":"BreadcrumbList","@id":"https:\/\/gyermekkoriautizmus.hu\/en\/#breadcrumb","itemListElement":[{"@type":"ListItem","position":1,"name":"Home","item":"https:\/\/gyermekkoriautizmus.hu\/en\/"},{"@type":"ListItem","position":2,"name":"fooldal"}]},{"@type":"WebSite","@id":"https:\/\/gyermekkoriautizmus.hu\/#website","url":"https:\/\/gyermekkoriautizmus.hu\/","name":"Gyermekkori Autizmus Alap\u00edtv\u00e1ny","description":"","publisher":{"@id":"https:\/\/gyermekkoriautizmus.hu\/#organization"},"potentialAction":[{"@type":"SearchAction","target":{"@type":"EntryPoint","urlTemplate":"https:\/\/gyermekkoriautizmus.hu\/?s={search_term_string}"},"query-input":{"@type":"PropertyValueSpecification","valueRequired":true,"valueName":"search_term_string"}}],"inLanguage":"en-US"},{"@type":"Organization","@id":"https:\/\/gyermekkoriautizmus.hu\/#organization","name":"Gyermekkori Autizmus Alap\u00edtv\u00e1ny","url":"https:\/\/gyermekkoriautizmus.hu\/","logo":{"@type":"ImageObject","inLanguage":"en-US","@id":"https:\/\/gyermekkoriautizmus.hu\/#\/schema\/logo\/image\/","url":"https:\/\/gyermekkoriautizmus.hu\/wp-content\/uploads\/2019\/01\/lo_vegleg_3.png","contentUrl":"https:\/\/gyermekkoriautizmus.hu\/wp-content\/uploads\/2019\/01\/lo_vegleg_3.png","width":2041,"height":2266,"caption":"Gyermekkori Autizmus Alap\u00edtv\u00e1ny"},"image":{"@id":"https:\/\/gyermekkoriautizmus.hu\/#\/schema\/logo\/image\/"}}]}},"_links":{"self":[{"href":"https:\/\/gyermekkoriautizmus.hu\/en\/wp-json\/wp\/v2\/pages\/3011","targetHints":{"allow":["GET"]}}],"collection":[{"href":"https:\/\/gyermekkoriautizmus.hu\/en\/wp-json\/wp\/v2\/pages"}],"about":[{"href":"https:\/\/gyermekkoriautizmus.hu\/en\/wp-json\/wp\/v2\/types\/page"}],"author":[{"embeddable":true,"href":"https:\/\/gyermekkoriautizmus.hu\/en\/wp-json\/wp\/v2\/users\/1"}],"replies":[{"embeddable":true,"href":"https:\/\/gyermekkoriautizmus.hu\/en\/wp-json\/wp\/v2\/comments?post=3011"}],"version-history":[{"count":51,"href":"https:\/\/gyermekkoriautizmus.hu\/en\/wp-json\/wp\/v2\/pages\/3011\/revisions"}],"predecessor-version":[{"id":3396,"href":"https:\/\/gyermekkoriautizmus.hu\/en\/wp-json\/wp\/v2\/pages\/3011\/revisions\/3396"}],"wp:attachment":[{"href":"https:\/\/gyermekkoriautizmus.hu\/en\/wp-json\/wp\/v2\/media?parent=3011"}],"curies":[{"name":"wp","href":"https:\/\/api.w.org\/{rel}","templated":true}]}}